{"id":13439,"date":"2026-03-30T16:44:57","date_gmt":"2026-03-30T14:44:57","guid":{"rendered":"https:\/\/www.wpdi.org\/wpdi-france-au-coeur-du-projet-europeen-connect-pour-un-entrepreneuriat-inclusif\/"},"modified":"2026-03-31T10:18:47","modified_gmt":"2026-03-31T08:18:47","slug":"wpdi-france-au-coeur-du-projet-europeen-connect-pour-un-entrepreneuriat-inclusif","status":"publish","type":"page","link":"https:\/\/www.wpdi.org\/fr\/wpdi-france-au-coeur-du-projet-europeen-connect-pour-un-entrepreneuriat-inclusif\/","title":{"rendered":"WPDI France in the EU CONNECT Project for Inclusive Entrepreneurship"},"content":{"rendered":"<p><img loading=\"lazy\" decoding=\"async\" class=\"wp-image-13415 aligncenter\" src=\"https:\/\/www.wpdi.org\/app\/uploads\/logo_connect-1.jpg\" alt=\"\" width=\"430\" height=\"163\" srcset=\"https:\/\/www.wpdi.org\/app\/uploads\/logo_connect-1.jpg 2322w, https:\/\/www.wpdi.org\/app\/uploads\/logo_connect-1-250x95.jpg 250w, https:\/\/www.wpdi.org\/app\/uploads\/logo_connect-1-750x284.jpg 750w, https:\/\/www.wpdi.org\/app\/uploads\/logo_connect-1-768x291.jpg 768w, https:\/\/www.wpdi.org\/app\/uploads\/logo_connect-1-1536x582.jpg 1536w, https:\/\/www.wpdi.org\/app\/uploads\/logo_connect-1-2048x776.jpg 2048w, https:\/\/www.wpdi.org\/app\/uploads\/logo_connect-1-120x45.jpg 120w\" sizes=\"auto, (max-width: 430px) 100vw, 430px\" \/><\/p>\n<p>WPDI France rejoint le projet CONNECT, une initiative europ\u00e9enne ambitieuse qui vise \u00e0 renforcer l\u2019accompagnement des entrepreneurs issus de l\u2019immigration et \u00e0 d\u00e9velopper des \u00e9cosyst\u00e8mes \u00e9conomiques plus inclusifs en Europe du Nord-Ouest.<\/p>\n<p>Bien que les entrepreneurs migrants cr\u00e9ent des entreprises nettement plus souvent que la population nationale, ils sont encore trop souvent emp\u00each\u00e9s de r\u00e9aliser pleinement leur potentiel en raison de syst\u00e8mes de soutien fragment\u00e9s, d\u2019un acc\u00e8s limit\u00e9 au financement et de discriminations structurelles. Les zones rurales et les r\u00e9gions confront\u00e9es au d\u00e9clin d\u00e9mographique passent ainsi \u00e0 c\u00f4t\u00e9 de leviers essentiels d\u2019innovation, de cr\u00e9ation d\u2019emplois et de d\u00e9veloppement local.<\/p>\n<p>CONNECT r\u00e9pond \u00e0 cet enjeu en d\u00e9passant les dispositifs ponctuels d\u2019aide \u00e0 la cr\u00e9ation d\u2019entreprise pour adopter une approche structurelle, fond\u00e9e sur les \u00e9cosyst\u00e8mes. L\u2019objectif est d\u2019aligner durablement les infrastructures locales et r\u00e9gionales avec les besoins sp\u00e9cifiques des entreprises port\u00e9es par des entrepreneurs migrants. Le projet est d\u00e9ploy\u00e9 dans plusieurs r\u00e9gions d\u2019Europe du Nord-Ouest, notamment \u00e0 Br\u00eame, en Rh\u00e9nanie-du-Nord\u2013Westphalie, en \u00cele-de-France, en Flandre occidentale, en Wallonie, en Irlande du Nord et de l\u2019Ouest, en Hollande-M\u00e9ridionale et en Overijssel.<\/p>\n<p>CONNECT s\u2019appuie sur une combinaison de cartographie des \u00e9cosyst\u00e8mes r\u00e9gionaux de soutien, d\u2019analyses comparatives et de d\u00e9marches de co-cr\u00e9ation transnationale. Il aboutira \u00e0 l\u2019\u00e9laboration d\u2019une \u00ab strat\u00e9gie commune pour un accompagnement inclusif des entrepreneurs migrants en Europe du Nord-Ouest \u00bb, visant \u00e0 renforcer leur contribution aux politiques de l\u2019emploi, de l\u2019innovation et de la coh\u00e9sion sociale.<\/p>\n<p>Au c\u0153ur du projet, un programme de formation de formateurs (\u00ab Train-the-Trainer \u00bb) permettra de former des professionnels issus des administrations publiques, des structures d\u2019accompagnement, des organisations de d\u00e9veloppement \u00e9conomique et du secteur associatif. Les th\u00e9matiques abord\u00e9es incluent l\u2019acc\u00e8s au financement, le d\u00e9veloppement de r\u00e9seaux, la lutte contre les discriminations et le mentorat. Une communaut\u00e9 de pratique transnationale viendra soutenir le partage d\u2019exp\u00e9riences et la p\u00e9rennisation des r\u00e9sultats.<\/p>\n<p>Le projet pr\u00e9voit \u00e9galement la cr\u00e9ation d\u2019un plan d\u2019action op\u00e9rationnel, \u00ab ConnectAction \u00bb, proposant des solutions concr\u00e8tes et transf\u00e9rables pour construire des \u00e9cosyst\u00e8mes de soutien plus inclusifs. Les participants form\u00e9s joueront un r\u00f4le de relais dans leurs territoires, contribuant \u00e0 diffuser les bonnes pratiques \u00e0 l\u2019\u00e9chelle locale.<\/p>\n<p>Coordonn\u00e9 par l\u2019Institute for Work and Technology (IAT), CONNECT se d\u00e9ploie sur une dur\u00e9e de 36 mois et est cofinanc\u00e9 par le Fonds europ\u00e9en de d\u00e9veloppement r\u00e9gional (FEDER) dans le cadre du programme Interreg Europe du Nord-Ouest.<\/p>\n<p style=\"text-align: center;\"><span style=\"font-weight: 400;\">\u202fEn savoir plus sur le partenariat CONNECT \u00e0\u00a0<\/span><a href=\"https:\/\/www.nweurope.eu\/\"><span style=\"font-weight: 400;\">https:\/\/www.nweurope.eu\/<\/span><\/a><\/p>\n<p style=\"text-align: center;\"><a class=\"special\" href=\"https:\/\/www.wpdi.org\/app\/uploads\/WPDI-France-2024-annual-report-FR.pdf\" target=\"_blank\" rel=\"noopener\">Notre rapport d&rsquo;activit\u00e9 2024 FR<\/a><\/p>\n<p style=\"text-align: center;\"><a class=\"special\" href=\"https:\/\/www.wpdi.org\/app\/uploads\/WPDI-France-2024-annual-report-EN.pdf\" target=\"_blank\" rel=\"noopener\">Notre rapport d&rsquo;activit\u00e9 2024 EN<\/a><\/p>\n","protected":false},"excerpt":{"rendered":"WPDI France rejoint le projet CONNECT, une initiative europ\u00e9enne ambitieuse qui vise \u00e0 renforcer l\u2019accompagnement des entrepreneurs issus de l\u2019immigration et \u00e0 d\u00e9velopper des \u00e9cosyst\u00e8mes \u00e9conomiques plus inclusifs en Europe du Nord-Ouest. Bien que les entrepreneurs migrants cr\u00e9ent des entreprises nettement plus souvent que la population nationale, ils sont encore trop souvent emp\u00each\u00e9s de r\u00e9aliser&#8230; <a class=\"view-article\" href=\"https:\/\/www.wpdi.org\/fr\/wpdi-france-au-coeur-du-projet-europeen-connect-pour-un-entrepreneuriat-inclusif\/\">View Article<\/a>","protected":false},"author":25,"featured_media":0,"parent":0,"menu_order":0,"comment_status":"closed","ping_status":"closed","template":"","meta":{"_acf_changed":false,"footnotes":""},"class_list":["post-13439","page","type-page","status-publish","hentry"],"acf":[],"yoast_head":"<!-- This site is optimized with the Yoast SEO plugin v25.9 - https:\/\/yoast.com\/wordpress\/plugins\/seo\/ -->\n<title>WPDI France in the EU CONNECT Project for Inclusive Entrepreneurship - WPDI<\/title>\n<meta name=\"robots\" content=\"index, follow, max-snippet:-1, max-image-preview:large, max-video-preview:-1\" \/>\n<link rel=\"canonical\" href=\"https:\/\/www.wpdi.org\/fr\/wpdi-france-au-coeur-du-projet-europeen-connect-pour-un-entrepreneuriat-inclusif\/\" \/>\n<meta property=\"og:locale\" content=\"fr_FR\" \/>\n<meta property=\"og:type\" content=\"article\" \/>\n<meta property=\"og:title\" content=\"WPDI France in the EU CONNECT Project for Inclusive Entrepreneurship - WPDI\" \/>\n<meta property=\"og:description\" content=\"WPDI France rejoint le projet CONNECT, une initiative europ\u00e9enne ambitieuse qui vise \u00e0 renforcer l\u2019accompagnement des entrepreneurs issus de l\u2019immigration et \u00e0 d\u00e9velopper des \u00e9cosyst\u00e8mes \u00e9conomiques plus inclusifs en Europe du Nord-Ouest. Bien que les entrepreneurs migrants cr\u00e9ent des entreprises nettement plus souvent que la population nationale, ils sont encore trop souvent emp\u00each\u00e9s de r\u00e9aliser... View Article\" \/>\n<meta property=\"og:url\" content=\"https:\/\/www.wpdi.org\/fr\/wpdi-france-au-coeur-du-projet-europeen-connect-pour-un-entrepreneuriat-inclusif\/\" \/>\n<meta property=\"og:site_name\" content=\"WPDI\" \/>\n<meta property=\"article:modified_time\" content=\"2026-03-31T08:18:47+00:00\" \/>\n<meta property=\"og:image\" content=\"https:\/\/www.wpdi.org\/app\/uploads\/logo_connect-1.jpg\" \/>\n\t<meta property=\"og:image:width\" content=\"2322\" \/>\n\t<meta property=\"og:image:height\" content=\"880\" \/>\n\t<meta property=\"og:image:type\" content=\"image\/jpeg\" \/>\n<meta name=\"twitter:card\" content=\"summary_large_image\" \/>\n<meta name=\"twitter:label1\" content=\"Est. reading time\" \/>\n\t<meta name=\"twitter:data1\" content=\"2 minutes\" \/>\n<script type=\"application\/ld+json\" class=\"yoast-schema-graph\">{\"@context\":\"https:\/\/schema.org\",\"@graph\":[{\"@type\":\"WebPage\",\"@id\":\"https:\/\/www.wpdi.org\/fr\/wpdi-france-au-coeur-du-projet-europeen-connect-pour-un-entrepreneuriat-inclusif\/\",\"url\":\"https:\/\/www.wpdi.org\/fr\/wpdi-france-au-coeur-du-projet-europeen-connect-pour-un-entrepreneuriat-inclusif\/\",\"name\":\"WPDI France in the EU CONNECT Project for Inclusive Entrepreneurship - WPDI\",\"isPartOf\":{\"@id\":\"https:\/\/www.wpdi.org\/#website\"},\"primaryImageOfPage\":{\"@id\":\"https:\/\/www.wpdi.org\/fr\/wpdi-france-au-coeur-du-projet-europeen-connect-pour-un-entrepreneuriat-inclusif\/#primaryimage\"},\"image\":{\"@id\":\"https:\/\/www.wpdi.org\/fr\/wpdi-france-au-coeur-du-projet-europeen-connect-pour-un-entrepreneuriat-inclusif\/#primaryimage\"},\"thumbnailUrl\":\"https:\/\/www.wpdi.org\/app\/uploads\/logo_connect-1.jpg\",\"datePublished\":\"2026-03-30T14:44:57+00:00\",\"dateModified\":\"2026-03-31T08:18:47+00:00\",\"breadcrumb\":{\"@id\":\"https:\/\/www.wpdi.org\/fr\/wpdi-france-au-coeur-du-projet-europeen-connect-pour-un-entrepreneuriat-inclusif\/#breadcrumb\"},\"inLanguage\":\"fr-FR\",\"potentialAction\":[{\"@type\":\"ReadAction\",\"target\":[\"https:\/\/www.wpdi.org\/fr\/wpdi-france-au-coeur-du-projet-europeen-connect-pour-un-entrepreneuriat-inclusif\/\"]}]},{\"@type\":\"ImageObject\",\"inLanguage\":\"fr-FR\",\"@id\":\"https:\/\/www.wpdi.org\/fr\/wpdi-france-au-coeur-du-projet-europeen-connect-pour-un-entrepreneuriat-inclusif\/#primaryimage\",\"url\":\"https:\/\/www.wpdi.org\/app\/uploads\/logo_connect-1.jpg\",\"contentUrl\":\"https:\/\/www.wpdi.org\/app\/uploads\/logo_connect-1.jpg\"},{\"@type\":\"BreadcrumbList\",\"@id\":\"https:\/\/www.wpdi.org\/fr\/wpdi-france-au-coeur-du-projet-europeen-connect-pour-un-entrepreneuriat-inclusif\/#breadcrumb\",\"itemListElement\":[{\"@type\":\"ListItem\",\"position\":1,\"name\":\"Accueil\",\"item\":\"https:\/\/www.wpdi.org\/fr\/\"},{\"@type\":\"ListItem\",\"position\":2,\"name\":\"WPDI France in the EU CONNECT Project for Inclusive Entrepreneurship\"}]},{\"@type\":\"WebSite\",\"@id\":\"https:\/\/www.wpdi.org\/#website\",\"url\":\"https:\/\/www.wpdi.org\/\",\"name\":\"WPDI\",\"description\":\"\",\"potentialAction\":[{\"@type\":\"SearchAction\",\"target\":{\"@type\":\"EntryPoint\",\"urlTemplate\":\"https:\/\/www.wpdi.org\/?s={search_term_string}\"},\"query-input\":{\"@type\":\"PropertyValueSpecification\",\"valueRequired\":true,\"valueName\":\"search_term_string\"}}],\"inLanguage\":\"fr-FR\"}]}<\/script>\n<!-- \/ Yoast SEO plugin. -->","yoast_head_json":{"title":"WPDI France in the EU CONNECT Project for Inclusive Entrepreneurship - WPDI","robots":{"index":"index","follow":"follow","max-snippet":"max-snippet:-1","max-image-preview":"max-image-preview:large","max-video-preview":"max-video-preview:-1"},"canonical":"https:\/\/www.wpdi.org\/fr\/wpdi-france-au-coeur-du-projet-europeen-connect-pour-un-entrepreneuriat-inclusif\/","og_locale":"fr_FR","og_type":"article","og_title":"WPDI France in the EU CONNECT Project for Inclusive Entrepreneurship - WPDI","og_description":"WPDI France rejoint le projet CONNECT, une initiative europ\u00e9enne ambitieuse qui vise \u00e0 renforcer l\u2019accompagnement des entrepreneurs issus de l\u2019immigration et \u00e0 d\u00e9velopper des \u00e9cosyst\u00e8mes \u00e9conomiques plus inclusifs en Europe du Nord-Ouest. Bien que les entrepreneurs migrants cr\u00e9ent des entreprises nettement plus souvent que la population nationale, ils sont encore trop souvent emp\u00each\u00e9s de r\u00e9aliser... View Article","og_url":"https:\/\/www.wpdi.org\/fr\/wpdi-france-au-coeur-du-projet-europeen-connect-pour-un-entrepreneuriat-inclusif\/","og_site_name":"WPDI","article_modified_time":"2026-03-31T08:18:47+00:00","og_image":[{"width":2322,"height":880,"url":"https:\/\/www.wpdi.org\/app\/uploads\/logo_connect-1.jpg","type":"image\/jpeg"}],"twitter_card":"summary_large_image","twitter_misc":{"Est. reading time":"2 minutes"},"schema":{"@context":"https:\/\/schema.org","@graph":[{"@type":"WebPage","@id":"https:\/\/www.wpdi.org\/fr\/wpdi-france-au-coeur-du-projet-europeen-connect-pour-un-entrepreneuriat-inclusif\/","url":"https:\/\/www.wpdi.org\/fr\/wpdi-france-au-coeur-du-projet-europeen-connect-pour-un-entrepreneuriat-inclusif\/","name":"WPDI France in the EU CONNECT Project for Inclusive Entrepreneurship - WPDI","isPartOf":{"@id":"https:\/\/www.wpdi.org\/#website"},"primaryImageOfPage":{"@id":"https:\/\/www.wpdi.org\/fr\/wpdi-france-au-coeur-du-projet-europeen-connect-pour-un-entrepreneuriat-inclusif\/#primaryimage"},"image":{"@id":"https:\/\/www.wpdi.org\/fr\/wpdi-france-au-coeur-du-projet-europeen-connect-pour-un-entrepreneuriat-inclusif\/#primaryimage"},"thumbnailUrl":"https:\/\/www.wpdi.org\/app\/uploads\/logo_connect-1.jpg","datePublished":"2026-03-30T14:44:57+00:00","dateModified":"2026-03-31T08:18:47+00:00","breadcrumb":{"@id":"https:\/\/www.wpdi.org\/fr\/wpdi-france-au-coeur-du-projet-europeen-connect-pour-un-entrepreneuriat-inclusif\/#breadcrumb"},"inLanguage":"fr-FR","potentialAction":[{"@type":"ReadAction","target":["https:\/\/www.wpdi.org\/fr\/wpdi-france-au-coeur-du-projet-europeen-connect-pour-un-entrepreneuriat-inclusif\/"]}]},{"@type":"ImageObject","inLanguage":"fr-FR","@id":"https:\/\/www.wpdi.org\/fr\/wpdi-france-au-coeur-du-projet-europeen-connect-pour-un-entrepreneuriat-inclusif\/#primaryimage","url":"https:\/\/www.wpdi.org\/app\/uploads\/logo_connect-1.jpg","contentUrl":"https:\/\/www.wpdi.org\/app\/uploads\/logo_connect-1.jpg"},{"@type":"BreadcrumbList","@id":"https:\/\/www.wpdi.org\/fr\/wpdi-france-au-coeur-du-projet-europeen-connect-pour-un-entrepreneuriat-inclusif\/#breadcrumb","itemListElement":[{"@type":"ListItem","position":1,"name":"Accueil","item":"https:\/\/www.wpdi.org\/fr\/"},{"@type":"ListItem","position":2,"name":"WPDI France in the EU CONNECT Project for Inclusive Entrepreneurship"}]},{"@type":"WebSite","@id":"https:\/\/www.wpdi.org\/#website","url":"https:\/\/www.wpdi.org\/","name":"WPDI","description":"","potentialAction":[{"@type":"SearchAction","target":{"@type":"EntryPoint","urlTemplate":"https:\/\/www.wpdi.org\/?s={search_term_string}"},"query-input":{"@type":"PropertyValueSpecification","valueRequired":true,"valueName":"search_term_string"}}],"inLanguage":"fr-FR"}]}},"_links":{"self":[{"href":"https:\/\/www.wpdi.org\/fr\/wp-json\/wp\/v2\/pages\/13439","targetHints":{"allow":["GET"]}}],"collection":[{"href":"https:\/\/www.wpdi.org\/fr\/wp-json\/wp\/v2\/pages"}],"about":[{"href":"https:\/\/www.wpdi.org\/fr\/wp-json\/wp\/v2\/types\/page"}],"author":[{"embeddable":true,"href":"https:\/\/www.wpdi.org\/fr\/wp-json\/wp\/v2\/users\/25"}],"replies":[{"embeddable":true,"href":"https:\/\/www.wpdi.org\/fr\/wp-json\/wp\/v2\/comments?post=13439"}],"version-history":[{"count":4,"href":"https:\/\/www.wpdi.org\/fr\/wp-json\/wp\/v2\/pages\/13439\/revisions"}],"predecessor-version":[{"id":13453,"href":"https:\/\/www.wpdi.org\/fr\/wp-json\/wp\/v2\/pages\/13439\/revisions\/13453"}],"wp:attachment":[{"href":"https:\/\/www.wpdi.org\/fr\/wp-json\/wp\/v2\/media?parent=13439"}],"curies":[{"name":"wp","href":"https:\/\/api.w.org\/{rel}","templated":true}]}}